{"id":8336,"date":"2025-02-17T09:41:40","date_gmt":"2025-02-17T09:41:40","guid":{"rendered":"https:\/\/dorfgeschichte-mettmenstetten.ch\/?page_id=8336"},"modified":"2026-06-18T08:03:53","modified_gmt":"2026-06-18T08:03:53","slug":"ueber-uns-2","status":"publish","type":"page","link":"https:\/\/dorfgeschichte-mettmenstetten.ch\/","title":{"rendered":"\u00dcber uns"},"content":{"rendered":"\n<hr class=\"wp-block-separator has-css-opacity alignfull\"\/>\n\n\n\n<div class=\"wp-block-media-text is-stacked-on-mobile\" style=\"grid-template-columns:76% auto\"><figure class=\"wp-block-media-text__media\"><img loading=\"lazy\" decoding=\"async\" width=\"1024\" height=\"576\" src=\"https:\/\/dorfgeschichte-mettmenstetten.ch\/wp-content\/uploads\/2026\/02\/2026-01-30-20.22.40-1024x576.jpg\" alt=\"\" class=\"wp-image-8488 size-full\" srcset=\"https:\/\/dorfgeschichte-mettmenstetten.ch\/wp-content\/uploads\/2026\/02\/2026-01-30-20.22.40-1024x576.jpg 1024w, https:\/\/dorfgeschichte-mettmenstetten.ch\/wp-content\/uploads\/2026\/02\/2026-01-30-20.22.40-300x169.jpg 300w, https:\/\/dorfgeschichte-mettmenstetten.ch\/wp-content\/uploads\/2026\/02\/2026-01-30-20.22.40-150x84.jpg 150w, https:\/\/dorfgeschichte-mettmenstetten.ch\/wp-content\/uploads\/2026\/02\/2026-01-30-20.22.40-768x432.jpg 768w, https:\/\/dorfgeschichte-mettmenstetten.ch\/wp-content\/uploads\/2026\/02\/2026-01-30-20.22.40-1536x864.jpg 1536w, https:\/\/dorfgeschichte-mettmenstetten.ch\/wp-content\/uploads\/2026\/02\/2026-01-30-20.22.40-2048x1152.jpg 2048w\" sizes=\"auto, (max-width: 1024px) 100vw, 1024px\" \/><\/figure><div class=\"wp-block-media-text__content\">\n<p class=\"wp-block-paragraph\"><strong>Dorf-Prominenz vom letzten Jahrhundert auf einen Blick. Ausstellung im R\u00f6ssli.<\/strong><\/p>\n<\/div><\/div>\n\n\n\n<div style=\"height:100px\" aria-hidden=\"true\" class=\"wp-block-spacer\"><\/div>\n\n\n\n<div class=\"wp-block-columns is-layout-flex wp-container-core-columns-is-layout-7387b849 wp-block-columns-is-layout-flex\">\n<div class=\"wp-block-column is-layout-flow wp-block-column-is-layout-flow\" style=\"flex-basis:45%\">\n<figure class=\"wp-block-image size-large is-resized\"><img loading=\"lazy\" decoding=\"async\" width=\"1024\" height=\"959\" src=\"https:\/\/dorfgeschichte-mettmenstetten.ch\/wp-content\/uploads\/2025\/02\/Werbeflyer-Seite-1-beschnitten-1024x959.jpg\" alt=\"\" class=\"wp-image-8348\" style=\"width:639px;height:auto\" srcset=\"https:\/\/dorfgeschichte-mettmenstetten.ch\/wp-content\/uploads\/2025\/02\/Werbeflyer-Seite-1-beschnitten-1024x959.jpg 1024w, https:\/\/dorfgeschichte-mettmenstetten.ch\/wp-content\/uploads\/2025\/02\/Werbeflyer-Seite-1-beschnitten-300x281.jpg 300w, https:\/\/dorfgeschichte-mettmenstetten.ch\/wp-content\/uploads\/2025\/02\/Werbeflyer-Seite-1-beschnitten-128x120.jpg 128w, https:\/\/dorfgeschichte-mettmenstetten.ch\/wp-content\/uploads\/2025\/02\/Werbeflyer-Seite-1-beschnitten-768x719.jpg 768w, https:\/\/dorfgeschichte-mettmenstetten.ch\/wp-content\/uploads\/2025\/02\/Werbeflyer-Seite-1-beschnitten-1536x1438.jpg 1536w, https:\/\/dorfgeschichte-mettmenstetten.ch\/wp-content\/uploads\/2025\/02\/Werbeflyer-Seite-1-beschnitten-2048x1917.jpg 2048w\" sizes=\"auto, (max-width: 1024px) 100vw, 1024px\" \/><\/figure>\n\n\n\n<div style=\"height:100px\" aria-hidden=\"true\" class=\"wp-block-spacer\"><\/div>\n<\/div>\n\n\n\n<div class=\"wp-block-column is-layout-flow wp-block-column-is-layout-flow\" style=\"flex-basis:45%\">\n<p class=\"has-medium-font-size wp-block-paragraph\"><strong>Ein neuer Verein, warum?  <\/strong><\/p>\n\n\n\n<ul class=\"wp-block-list\">\n<li><strong>Sicherung der Zukunft:<\/strong> Ein Vorstand und engagierte Mitglieder gew\u00e4hrleisten die Kontinuit\u00e4t und Sicherstellung unserer Arbeit.<\/li>\n\n\n\n<li><strong>Finanzielle Unterst\u00fctzung:<\/strong> Mitgliederbeitr\u00e4ge helfen uns bei der Finanzierung von Abonnentenkosten f\u00fcr Software, der Webseite sowie historische Recherchen.<\/li>\n\n\n\n<li><strong>Gemeinschaft: <\/strong>Unser Verein bringt Menschen zusammen, die sich f\u00fcr die Geschichte und Entwicklung ihres Wohnorts interessieren.<\/li>\n\n\n\n<li><strong>Bildungsarbeit:<\/strong> Wir bieten Sch\u00fclern und Lehrer eine wertvolle Quelle zur Heimatgeschichte.<\/li>\n<\/ul>\n\n\n\n<p class=\"has-medium-font-size wp-block-paragraph\"><strong>Werden Sie Mitglied \ud83d\ude42<\/strong><\/p>\n\n\n\n<p class=\"wp-block-paragraph\">Einzelmitgliedschaft (Fr 30.00 \/ Jahr)<br>Ehepaare\/Familien   (Fr. 50.00 \/ Jahr)<\/p>\n\n\n\n<p class=\"wp-block-paragraph\"><a href=\"https:\/\/dorfgeschichte-mettmenstetten.ch\/wp-content\/uploads\/2025\/03\/Statuten.pdf\" target=\"_blank\" rel=\"noreferrer noopener\">Statuten (klick)<\/a><\/p>\n\n\n\n<p class=\"wp-block-paragraph\">Im attachten Dokument finden Sie einen Einzahlungsschein, sowie die Informationen die wir f\u00fcr die Anmeldung ben\u00f6tigen. Sie k\u00f6nnen uns die Daten per Mail oder Post zustellen <strong><a href=\"https:\/\/dorfgeschichte-mettmenstetten.ch\/wp-content\/uploads\/2025\/02\/Anmeldeformular-fuer-Webseite-scaled.jpg\" target=\"_blank\" rel=\"noreferrer noopener\">(Anmeldeformular anklicken)<\/a><\/strong>.<\/p>\n<\/div>\n\n\n\n<div class=\"wp-block-column is-layout-flow wp-block-column-is-layout-flow\"><\/div>\n<\/div>\n\n\n\n<div style=\"height:60px\" aria-hidden=\"true\" class=\"wp-block-spacer\"><\/div>\n\n\n\n<div class=\"wp-block-columns has-background is-layout-flex wp-container-core-columns-is-layout-7387b849 wp-block-columns-is-layout-flex\" style=\"background-color:#efefef\">\n<div class=\"wp-block-column is-layout-flow wp-block-column-is-layout-flow\" style=\"flex-basis:1px\"><\/div>\n\n\n\n<div class=\"wp-block-column is-layout-flow wp-block-column-is-layout-flow\">\n<p class=\"wp-block-paragraph\"><strong>Dorfgeschichte Mettmenstetten<\/strong><br>Wir m\u00f6chten&nbsp;mit Bildern, Fotos und \u00dcberlieferungen die Geschichte von Mettmenstetten unserer Nachwelt erhalten. Es ist nicht unser Ziel ein klassisches Museum aufzubauen, da sowohl in Affoltern\/Zwillikon wie auch in Maschwanden sehr attraktive Museen besichtigt werden k\u00f6nnen. In den letzten f\u00fcnf&nbsp;Jahren wurden Kenntnisse und Erfahrungen gesammelt und&nbsp;auch schon recht viel Material digitalisiert. <a rel=\"noreferrer noopener\" href=\"https:\/\/youtu.be\/Vi9zYRxA5e8\" target=\"_blank\"><\/a><\/p>\n\n\n\n<figure class=\"wp-block-image aligncenter size-large is-resized is-style-default\"><a href=\"https:\/\/dorfgeschichte-mettmenstetten.ch\/wp-content\/uploads\/2026\/06\/Vorstand-Verein-Dorfgeschichte-Mettmenstetten-17.06-1-scaled.jpg\" target=\"_blank\" rel=\"noopener\"><img loading=\"lazy\" decoding=\"async\" width=\"1024\" height=\"614\" src=\"https:\/\/dorfgeschichte-mettmenstetten.ch\/wp-content\/uploads\/2026\/06\/Vorstand-Verein-Dorfgeschichte-Mettmenstetten-17.06-1-1024x614.jpg\" alt=\"\" class=\"wp-image-8521\" srcset=\"https:\/\/dorfgeschichte-mettmenstetten.ch\/wp-content\/uploads\/2026\/06\/Vorstand-Verein-Dorfgeschichte-Mettmenstetten-17.06-1-1024x614.jpg 1024w, https:\/\/dorfgeschichte-mettmenstetten.ch\/wp-content\/uploads\/2026\/06\/Vorstand-Verein-Dorfgeschichte-Mettmenstetten-17.06-1-300x180.jpg 300w, https:\/\/dorfgeschichte-mettmenstetten.ch\/wp-content\/uploads\/2026\/06\/Vorstand-Verein-Dorfgeschichte-Mettmenstetten-17.06-1-150x90.jpg 150w, https:\/\/dorfgeschichte-mettmenstetten.ch\/wp-content\/uploads\/2026\/06\/Vorstand-Verein-Dorfgeschichte-Mettmenstetten-17.06-1-768x461.jpg 768w, https:\/\/dorfgeschichte-mettmenstetten.ch\/wp-content\/uploads\/2026\/06\/Vorstand-Verein-Dorfgeschichte-Mettmenstetten-17.06-1-1536x922.jpg 1536w, https:\/\/dorfgeschichte-mettmenstetten.ch\/wp-content\/uploads\/2026\/06\/Vorstand-Verein-Dorfgeschichte-Mettmenstetten-17.06-1-2048x1229.jpg 2048w\" sizes=\"auto, (max-width: 1024px) 100vw, 1024px\" \/><\/a><figcaption class=\"wp-element-caption\"><strong>Verein Dorfgeschichte Mettmenstetten<\/strong><\/figcaption><\/figure>\n\n\n\n<div class=\"wp-block-columns is-layout-flex wp-container-core-columns-is-layout-7387b849 wp-block-columns-is-layout-flex\">\n<div class=\"wp-block-column is-layout-flow wp-block-column-is-layout-flow\" style=\"flex-basis:15%\">\n<figure class=\"wp-block-image size-full is-resized\"><a href=\"https:\/\/www.facebook.com\/people\/Dorfgeschichte-Mettmenstetten\/100064338745670\/\" target=\"_blank\" rel=\"noreferrer noopener\"><img loading=\"lazy\" decoding=\"async\" width=\"66\" height=\"65\" src=\"https:\/\/dorfgeschichte-mettmenstetten.ch\/wp-content\/uploads\/2023\/10\/facebook.gif\" alt=\"\" class=\"wp-image-7504\" style=\"aspect-ratio:1.0153846153846153;width:43px;height:auto\"\/><\/a><\/figure>\n<\/div>\n\n\n\n<div class=\"wp-block-column is-layout-flow wp-block-column-is-layout-flow\" style=\"flex-basis:65%\">\n<p class=\"wp-block-paragraph\"><strong>Besuchen Sie uns auf Facebook oder Instagram.<\/strong><\/p>\n<\/div>\n\n\n\n<div class=\"wp-block-column is-layout-flow wp-block-column-is-layout-flow\" style=\"flex-basis:20%\">\n<figure class=\"wp-block-image size-full is-resized\"><a href=\"https:\/\/www.instagram.com\/dgmettmenstetten\/\" target=\"_blank\" rel=\"noreferrer noopener\"><img loading=\"lazy\" decoding=\"async\" width=\"225\" height=\"225\" src=\"https:\/\/dorfgeschichte-mettmenstetten.ch\/wp-content\/uploads\/2023\/10\/Instagram.jpeg\" alt=\"\" class=\"wp-image-7509\" style=\"aspect-ratio:1;width:49px;height:auto\" srcset=\"https:\/\/dorfgeschichte-mettmenstetten.ch\/wp-content\/uploads\/2023\/10\/Instagram.jpeg 225w, https:\/\/dorfgeschichte-mettmenstetten.ch\/wp-content\/uploads\/2023\/10\/Instagram-120x120.jpeg 120w\" sizes=\"auto, (max-width: 225px) 100vw, 225px\" \/><\/a><\/figure>\n<\/div>\n<\/div>\n<\/div>\n\n\n\n<div class=\"wp-block-column is-layout-flow wp-block-column-is-layout-flow\">\n<p class=\"wp-block-paragraph\">Dabei konnten wir vor allem auf eine Fotosammlung von Sepp Ott, auf Dokumentationen von Hans Huber-Hegglin zur 700-Jahrfeier der Eidgenossenschaft, sowie von Werner Eugster (900-Jahrfeier Mettmenstetten) zur\u00fcckgreifen. &nbsp; <\/p>\n\n\n\n<p class=\"wp-block-paragraph\"><strong>Wie k\u00f6nnen Sie vom Dorfgeschichte Archiv Mettmenstetten profitieren?<\/strong><br>Wir k\u00f6nnen Ihnen&nbsp;bei Bedarf digitale Kopien von&nbsp;alten Fotos resp. von alten&nbsp;Dokumenten zur Verf\u00fcgung stellen. Wir&nbsp;k\u00f6nnen Ihnen&nbsp;ggf. auch bei der \u00dcbersetzung von alten Dokumenten behilflich sein.<\/p>\n\n\n\n<p class=\"wp-block-paragraph\"><strong>Helfen Sie mit unser Archiv weiter auszubauen<\/strong><br>Alte Gegenst\u00e4nde interessieren uns nat\u00fcrlich weiterhin. Wir werden sie fotografieren, dokumentieren und auf Wunsch auch an benachbarte Dorfmuseen weitervermitteln. Speziell interessiert sind wir aber an Gegenst\u00e4nden, die einen direkten Bezug zu unserem Dorf haben. Wir helfen Ihnen gerne diese zu erhalten, zu pflegen, eventuell zu restaurieren und einen geeigneten Platz zu finden.<\/p>\n\n\n\n<p class=\"wp-block-paragraph\">Wir sind auch sehr interessiert an spannenden oder lustigen&nbsp;Anekdoten aus der Vergangenheit. Weiter f\u00fchren wir auch eine Datenbank mit aktuell 330 Klassen- oder Konf-Fotos. Helfen Sie mit den Inhalt dieser Datenbank zu erweitern und zu verbessern.<br><\/p>\n\n\n\n<div class=\"wp-block-media-text alignwide is-stacked-on-mobile\" style=\"grid-template-columns:15% auto\"><figure class=\"wp-block-media-text__media\"><a href=\"https:\/\/dorfgeschichte-mettmenstetten.ch\/index.php\/kontakt\/\" target=\"_blank\" rel=\"noopener\"><img loading=\"lazy\" decoding=\"async\" width=\"64\" height=\"64\" src=\"https:\/\/dorfgeschichte-mettmenstetten.ch\/wp-content\/uploads\/2021\/01\/Kontakt.jpg\" alt=\"\" class=\"wp-image-571 size-full\"\/><\/a><\/figure><div class=\"wp-block-media-text__content\">\n<p class=\"wp-block-paragraph\">Nehmen Sie Kontakt mit uns auf<\/p>\n<\/div><\/div>\n\n\n\n<p class=\"wp-block-paragraph\"><\/p>\n<\/div>\n<\/div>\n","protected":false},"excerpt":{"rendered":"<p>Dorf-Prominenz vom letzten Jahrhundert auf einen Blick. Ausstellung im R\u00f6ssli. Ein neuer Verein, warum? Werden Sie Mitglied \ud83d\ude42 Einzelmitgliedschaft (Fr 30.00 \/ Jahr)Ehepaare\/Familien (Fr. 50.00 \/ Jahr) Statuten (klick) Im attachten Dokument finden Sie einen Einzahlungsschein, sowie die Informationen die wir f\u00fcr die Anmeldung ben\u00f6tigen. Sie k\u00f6nnen uns die Daten per Mail oder Post zustellen [&hellip;]<\/p>\n","protected":false},"author":2,"featured_media":0,"parent":0,"menu_order":0,"comment_status":"closed","ping_status":"closed","template":"","meta":{"_uag_custom_page_level_css":"","site-sidebar-layout":"no-sidebar","site-content-layout":"plain-container","ast-site-content-layout":"normal-width-container","site-content-style":"unboxed","site-sidebar-style":"unboxed","ast-global-header-display":"","ast-banner-title-visibility":"","ast-main-header-display":"","ast-hfb-above-header-display":"","ast-hfb-below-header-display":"","ast-hfb-mobile-header-display":"","site-post-title":"disabled","ast-breadcrumbs-content":"","ast-featured-img":"disabled","footer-sml-layout":"","ast-disable-related-posts":"","theme-transparent-header-meta":"default","adv-header-id-meta":"","stick-header-meta":"default","header-above-stick-meta":"","header-main-stick-meta":"","header-below-stick-meta":"","astra-migrate-meta-layouts":"set","ast-page-background-enabled":"default","ast-page-background-meta":{"desktop":{"background-color":"","background-image":"","background-repeat":"repeat","background-position":"center center","background-size":"auto","background-attachment":"scroll","background-type":"","background-media":"","overlay-type":"","overlay-color":"","overlay-opacity":"","overlay-gradient":""},"tablet":{"background-color":"","background-image":"","background-repeat":"repeat","background-position":"center center","background-size":"auto","background-attachment":"scroll","background-type":"","background-media":"","overlay-type":"","overlay-color":"","overlay-opacity":"","overlay-gradient":""},"mobile":{"background-color":"","background-image":"","background-repeat":"repeat","background-position":"center center","background-size":"auto","background-attachment":"scroll","background-type":"","background-media":"","overlay-type":"","overlay-color":"","overlay-opacity":"","overlay-gradient":""}},"ast-content-background-meta":{"desktop":{"background-color":"var(--ast-global-color-5)","background-image":"","background-repeat":"repeat","background-position":"center center","background-size":"auto","background-attachment":"scroll","background-type":"","background-media":"","overlay-type":"","overlay-color":"","overlay-opacity":"","overlay-gradient":""},"tablet":{"background-color":"var(--ast-global-color-5)","background-image":"","background-repeat":"repeat","background-position":"center center","background-size":"auto","background-attachment":"scroll","background-type":"","background-media":"","overlay-type":"","overlay-color":"","overlay-opacity":"","overlay-gradient":""},"mobile":{"background-color":"var(--ast-global-color-5)","background-image":"","background-repeat":"repeat","background-position":"center center","background-size":"auto","background-attachment":"scroll","background-type":"","background-media":"","overlay-type":"","overlay-color":"","overlay-opacity":"","overlay-gradient":""}},"footnotes":""},"class_list":["post-8336","page","type-page","status-publish","hentry"],"uagb_featured_image_src":{"full":false,"thumbnail":false,"medium":false,"medium_large":false,"large":false,"1536x1536":false,"2048x2048":false},"uagb_author_info":{"display_name":"Hans Hinnen","author_link":"https:\/\/dorfgeschichte-mettmenstetten.ch\/index.php\/author\/hh\/"},"uagb_comment_info":0,"uagb_excerpt":"Dorf-Prominenz vom letzten Jahrhundert auf einen Blick. Ausstellung im R\u00f6ssli. Ein neuer Verein, warum? Werden Sie Mitglied \ud83d\ude42 Einzelmitgliedschaft (Fr 30.00 \/ Jahr)Ehepaare\/Familien (Fr. 50.00 \/ Jahr) Statuten (klick) Im attachten Dokument finden Sie einen Einzahlungsschein, sowie die Informationen die wir f\u00fcr die Anmeldung ben\u00f6tigen. Sie k\u00f6nnen uns die Daten per Mail oder Post zustellen&hellip;","_links":{"self":[{"href":"https:\/\/dorfgeschichte-mettmenstetten.ch\/index.php\/wp-json\/wp\/v2\/pages\/8336","targetHints":{"allow":["GET"]}}],"collection":[{"href":"https:\/\/dorfgeschichte-mettmenstetten.ch\/index.php\/wp-json\/wp\/v2\/pages"}],"about":[{"href":"https:\/\/dorfgeschichte-mettmenstetten.ch\/index.php\/wp-json\/wp\/v2\/types\/page"}],"author":[{"embeddable":true,"href":"https:\/\/dorfgeschichte-mettmenstetten.ch\/index.php\/wp-json\/wp\/v2\/users\/2"}],"replies":[{"embeddable":true,"href":"https:\/\/dorfgeschichte-mettmenstetten.ch\/index.php\/wp-json\/wp\/v2\/comments?post=8336"}],"version-history":[{"count":47,"href":"https:\/\/dorfgeschichte-mettmenstetten.ch\/index.php\/wp-json\/wp\/v2\/pages\/8336\/revisions"}],"predecessor-version":[{"id":8523,"href":"https:\/\/dorfgeschichte-mettmenstetten.ch\/index.php\/wp-json\/wp\/v2\/pages\/8336\/revisions\/8523"}],"wp:attachment":[{"href":"https:\/\/dorfgeschichte-mettmenstetten.ch\/index.php\/wp-json\/wp\/v2\/media?parent=8336"}],"curies":[{"name":"wp","href":"https:\/\/api.w.org\/{rel}","templated":true}]}}